{"id":1854,"date":"2023-04-20T16:48:54","date_gmt":"2023-04-20T14:48:54","guid":{"rendered":"https:\/\/www.mirallesassessors.com\/gestoria-de-vehicles-especialitzada-en-concessionaris\/"},"modified":"2026-04-09T10:40:31","modified_gmt":"2026-04-09T08:40:31","slug":"gestoria-de-vehicles-especialitzada-en-concessionaris","status":"publish","type":"page","link":"https:\/\/www.mirallesassessors.com\/ca\/gestoria-de-vehicles-especialitzada-en-concessionaris\/","title":{"rendered":"Gestoria de vehicles especialitzada en concessionaris"},"content":{"rendered":"\t\t<div data-elementor-type=\"wp-page\" data-elementor-id=\"1854\" class=\"elementor elementor-1854 elementor-409\" data-elementor-post-type=\"page\">\n\t\t\t\t<div class=\"elementor-element elementor-element-3e37847 e-grid e-con-boxed e-con e-parent\" data-id=\"3e37847\" data-element_type=\"container\">\n\t\t\t\t\t<div class=\"e-con-inner\">\n\t\t\t\t<div class=\"elementor-element elementor-element-59c618f elementor-widget elementor-widget-heading\" data-id=\"59c618f\" data-element_type=\"widget\" data-widget_type=\"heading.default\">\n\t\t\t\t<div class=\"elementor-widget-container\">\n\t\t\t\t\t<h2 class=\"elementor-heading-title elementor-size-default\">Tr\u00e0mits de tr\u00e0nsit per a concessionaris: gestoria a Sabadell<\/h2>\t\t\t\t<\/div>\n\t\t\t\t<\/div>\n\t\t\t\t<div class=\"elementor-element elementor-element-03bee46 elementor-widget elementor-widget-spacer\" data-id=\"03bee46\" data-element_type=\"widget\" data-widget_type=\"spacer.default\">\n\t\t\t\t<div class=\"elementor-widget-container\">\n\t\t\t\t\t\t\t<div class=\"elementor-spacer\">\n\t\t\t<div class=\"elementor-spacer-inner\"><\/div>\n\t\t<\/div>\n\t\t\t\t\t\t<\/div>\n\t\t\t\t<\/div>\n\t\t\t\t\t<\/div>\n\t\t\t\t<\/div>\n\t\t\t\t<section class=\"elementor-section elementor-top-section elementor-element elementor-element-7321d7f elementor-section-boxed elementor-section-height-default elementor-section-height-default\" data-id=\"7321d7f\" data-element_type=\"section\">\n\t\t\t\t\t\t<div class=\"elementor-container elementor-column-gap-no\">\n\t\t\t\t\t<div class=\"elementor-column elementor-col-50 elementor-top-column elementor-element elementor-element-d6e0bf2\" data-id=\"d6e0bf2\" data-element_type=\"column\">\n\t\t\t<div class=\"elementor-widget-wrap elementor-element-populated\">\n\t\t\t\t\t\t<div class=\"elementor-element elementor-element-6f11140 elementor-widget elementor-widget-heading\" data-id=\"6f11140\" data-element_type=\"widget\" data-widget_type=\"heading.default\">\n\t\t\t\t<div class=\"elementor-widget-container\">\n\t\t\t\t\t<h3 class=\"elementor-heading-title elementor-size-default\">Externalitzem l'\u00e0rea de vehicles del teu concessionari<\/h3>\t\t\t\t<\/div>\n\t\t\t\t<\/div>\n\t\t\t\t<div class=\"elementor-element elementor-element-cde9c0d elementor-widget elementor-widget-text-editor\" data-id=\"cde9c0d\" data-element_type=\"widget\" data-widget_type=\"text-editor.default\">\n\t\t\t\t<div class=\"elementor-widget-container\">\n\t\t\t\t\t\t\t\t\t<p>El nostre Departament de Tr\u00e0nsit compta amb una traject\u00f2ria consolidada de m\u00e9s de tres d\u00e8cades, i ens hem posicionat com a<strong> l\u00edders en la gesti\u00f3 \u00e0gil i precisa de tr\u00e0mits davant la Prefectura Provincial de Tr\u00e0nsit<\/strong>, sent un referent per als principals concessionaris. <\/p>\t\t\t\t\t\t\t\t<\/div>\n\t\t\t\t<\/div>\n\t\t\t\t<div class=\"elementor-element elementor-element-0d3a445 elementor-widget elementor-widget-text-editor\" data-id=\"0d3a445\" data-element_type=\"widget\" data-widget_type=\"text-editor.default\">\n\t\t\t\t<div class=\"elementor-widget-container\">\n\t\t\t\t\t\t\t\t\t<h3>Qu\u00e8 oferim al teu concessionari?<\/h3><ul><li>Realitzaci\u00f3 \u00edntegra de tota mena de tr\u00e0mits de tr\u00e0nsit<\/li> \t<li>Rapidesa, seguretat i professionalitat<\/li> \t<li>Assignaci\u00f3 d&#8217;un professional especialitzat per a l&#8217;atenci\u00f3 personalitzada<\/li> \t<li>Gesti\u00f3 en l\u00ednia, sense despla\u00e7aments innecessaris<\/li> \t<li>Pressupost d\u2019acord al volum del teu negoci<\/li><\/ul>\t\t\t\t\t\t\t\t<\/div>\n\t\t\t\t<\/div>\n\t\t\t\t\t<\/div>\n\t\t<\/div>\n\t\t\t\t<div class=\"elementor-column elementor-col-50 elementor-top-column elementor-element elementor-element-18324d2\" data-id=\"18324d2\" data-element_type=\"column\">\n\t\t\t<div class=\"elementor-widget-wrap elementor-element-populated\">\n\t\t\t\t\t\t<div class=\"elementor-element elementor-element-ba92254 elementor-widget elementor-widget-image\" data-id=\"ba92254\" data-element_type=\"widget\" data-widget_type=\"image.default\">\n\t\t\t\t<div class=\"elementor-widget-container\">\n\t\t\t\t\t\t\t\t\t\t\t\t\t\t\t<img fetchpriority=\"high\" decoding=\"async\" width=\"1600\" height=\"1004\" src=\"https:\/\/www.mirallesassessors.com\/wp-content\/uploads\/2023\/07\/miralles-assessors-gestoria-vehiculos-02.jpg\" class=\"attachment-full size-full wp-image-1486\" alt=\"Fotograf\u00c3\u00ada de coches en un concesionario\" srcset=\"https:\/\/www.mirallesassessors.com\/wp-content\/uploads\/2023\/07\/miralles-assessors-gestoria-vehiculos-02.jpg 1600w, https:\/\/www.mirallesassessors.com\/wp-content\/uploads\/2023\/07\/miralles-assessors-gestoria-vehiculos-02-300x188.jpg 300w, https:\/\/www.mirallesassessors.com\/wp-content\/uploads\/2023\/07\/miralles-assessors-gestoria-vehiculos-02-1024x643.jpg 1024w, https:\/\/www.mirallesassessors.com\/wp-content\/uploads\/2023\/07\/miralles-assessors-gestoria-vehiculos-02-768x482.jpg 768w, https:\/\/www.mirallesassessors.com\/wp-content\/uploads\/2023\/07\/miralles-assessors-gestoria-vehiculos-02-1536x964.jpg 1536w\" sizes=\"(max-width: 1600px) 100vw, 1600px\" \/>\t\t\t\t\t\t\t\t\t\t\t\t\t\t\t<\/div>\n\t\t\t\t<\/div>\n\t\t\t\t\t<\/div>\n\t\t<\/div>\n\t\t\t\t\t<\/div>\n\t\t<\/section>\n\t\t\t\t<section class=\"elementor-section elementor-top-section elementor-element elementor-element-13c3a00 elementor-section-boxed elementor-section-height-default elementor-section-height-default\" data-id=\"13c3a00\" data-element_type=\"section\">\n\t\t\t\t\t\t<div class=\"elementor-container elementor-column-gap-wider\">\n\t\t\t\t\t<div class=\"elementor-column elementor-col-33 elementor-top-column elementor-element elementor-element-65ba101\" data-id=\"65ba101\" data-element_type=\"column\">\n\t\t\t<div class=\"elementor-widget-wrap elementor-element-populated\">\n\t\t\t\t\t\t<div class=\"elementor-element elementor-element-3c85212 elementor-widget elementor-widget-text-editor\" data-id=\"3c85212\" data-element_type=\"widget\" data-widget_type=\"text-editor.default\">\n\t\t\t\t<div class=\"elementor-widget-container\">\n\t\t\t\t\t\t\t\t\t<h4>Matriculacions<\/h4><ul><li>Matriculaci\u00f3 de vehicles nous<\/li> \t<li>Matriculaci\u00f3 de vehicles d&#8217;importaci\u00f3<\/li><\/ul>\t\t\t\t\t\t\t\t<\/div>\n\t\t\t\t<\/div>\n\t\t\t\t\t<\/div>\n\t\t<\/div>\n\t\t\t\t<div class=\"elementor-column elementor-col-33 elementor-top-column elementor-element elementor-element-e6f17c2\" data-id=\"e6f17c2\" data-element_type=\"column\">\n\t\t\t<div class=\"elementor-widget-wrap elementor-element-populated\">\n\t\t\t\t\t\t<div class=\"elementor-element elementor-element-249f32f elementor-widget elementor-widget-text-editor\" data-id=\"249f32f\" data-element_type=\"widget\" data-widget_type=\"text-editor.default\">\n\t\t\t\t<div class=\"elementor-widget-container\">\n\t\t\t\t\t\t\t\t\t<h4>Canvis de titularitat\u200b<\/h4><ul><li>Compravendes i transfer\u00e8ncies<\/li> \t<li>Tramitaci\u00f3 d&#8217;altes i baixes de vehicles<\/li> \t<li>Canvi de nom del vehicle<\/li> \t<li>Perm\u00eds provisional per circular al moment<\/li> \t<li>Canvi de nom per defunci\u00f3 del titular<\/li><\/ul>\t\t\t\t\t\t\t\t<\/div>\n\t\t\t\t<\/div>\n\t\t\t\t\t<\/div>\n\t\t<\/div>\n\t\t\t\t<div class=\"elementor-column elementor-col-33 elementor-top-column elementor-element elementor-element-c6952f3\" data-id=\"c6952f3\" data-element_type=\"column\">\n\t\t\t<div class=\"elementor-widget-wrap elementor-element-populated\">\n\t\t\t\t\t\t<div class=\"elementor-element elementor-element-743a36c elementor-widget elementor-widget-text-editor\" data-id=\"743a36c\" data-element_type=\"widget\" data-widget_type=\"text-editor.default\">\n\t\t\t\t<div class=\"elementor-widget-container\">\n\t\t\t\t\t\t\t\t\t<h4>Altres tr\u00e0mits<\/h4><ul><li>Informes de Tr\u00e0nsit (DGT)<\/li> \t<li>Duplicats: Permisos de conduir i de circulaci\u00f3, fitxa t\u00e8cnica, etc<\/li> \t<li>Baixes temporals i definitives<\/li>  \t<li>Exportaci\u00f3<\/li>\t<li>Reserves de domini<\/li> \t<li>Targetes de transport<\/li><\/ul>\t\t\t\t\t\t\t\t<\/div>\n\t\t\t\t<\/div>\n\t\t\t\t\t<\/div>\n\t\t<\/div>\n\t\t\t\t\t<\/div>\n\t\t<\/section>\n\t\t\t\t<section class=\"elementor-section elementor-top-section elementor-element elementor-element-ebf8816 elementor-section-boxed elementor-section-height-default elementor-section-height-default\" data-id=\"ebf8816\" data-element_type=\"section\" data-settings=\"{&quot;background_background&quot;:&quot;classic&quot;}\">\n\t\t\t\t\t\t\t<div class=\"elementor-background-overlay\"><\/div>\n\t\t\t\t\t\t\t<div class=\"elementor-container elementor-column-gap-no\">\n\t\t\t\t\t<div class=\"elementor-column elementor-col-100 elementor-top-column elementor-element elementor-element-7a44c46\" data-id=\"7a44c46\" data-element_type=\"column\">\n\t\t\t<div class=\"elementor-widget-wrap elementor-element-populated\">\n\t\t\t\t\t\t<div class=\"elementor-element elementor-element-80e13c2 elementor-widget elementor-widget-heading\" data-id=\"80e13c2\" data-element_type=\"widget\" data-widget_type=\"heading.default\">\n\t\t\t\t<div class=\"elementor-widget-container\">\n\t\t\t\t\t<h2 class=\"elementor-heading-title elementor-size-default\">Miralles Assessors, la gestoria per a concessionaris<\/h2>\t\t\t\t<\/div>\n\t\t\t\t<\/div>\n\t\t\t\t<div class=\"elementor-element elementor-element-75da031 elementor-widget elementor-widget-text-editor\" data-id=\"75da031\" data-element_type=\"widget\" data-widget_type=\"text-editor.default\">\n\t\t\t\t<div class=\"elementor-widget-container\">\n\t\t\t\t\t\t\t\t\t<p>Els nostres clients s\u00f3n fabricants, concessionaris d&#8217;autom\u00f2bils i empreses de lloguer\/l\u00edsing de vehicles.<\/p>\t\t\t\t\t\t\t\t<\/div>\n\t\t\t\t<\/div>\n\t\t\t\t\t<\/div>\n\t\t<\/div>\n\t\t\t\t\t<\/div>\n\t\t<\/section>\n\t\t\t\t<\/div>\n\t\t","protected":false},"excerpt":{"rendered":"<p>Tr\u00e0mits de tr\u00e0nsit per a concessionaris: gestoria a Sabadell Externalitzem l&#8217;\u00e0rea de vehicles del teu concessionari El nostre Departament de Tr\u00e0nsit compta amb una traject\u00f2ria consolidada de m\u00e9s de tres d\u00e8cades, i ens hem posicionat com a l\u00edders en la gesti\u00f3 \u00e0gil i precisa de tr\u00e0mits davant la Prefectura Provincial de Tr\u00e0nsit, sent un referent [&hellip;]<\/p>\n","protected":false},"author":2,"featured_media":0,"parent":0,"menu_order":0,"comment_status":"closed","ping_status":"closed","template":"","meta":{"_acf_changed":false,"footnotes":""},"class_list":["post-1854","page","type-page","status-publish","hentry"],"acf":[],"yoast_head":"<!-- This site is optimized with the Yoast SEO plugin v26.0 - https:\/\/yoast.com\/wordpress\/plugins\/seo\/ -->\n<title>Gestoria de vehicles especialitzada en concessionaris - Miralles Assessors<\/title>\n<meta name=\"robots\" content=\"index, follow, max-snippet:-1, max-image-preview:large, max-video-preview:-1\" \/>\n<link rel=\"canonical\" href=\"https:\/\/www.mirallesassessors.com\/gestoria-de-vehiculos-especializada-en-concesionarios\/\" \/>\n<meta property=\"og:locale\" content=\"ca_ES\" \/>\n<meta property=\"og:type\" content=\"article\" \/>\n<meta property=\"og:title\" content=\"Gestoria de vehicles especialitzada en concessionaris - Miralles Assessors\" \/>\n<meta property=\"og:description\" content=\"Tr\u00e0mits de tr\u00e0nsit per a concessionaris: gestoria a Sabadell Externalitzem l&#8217;\u00e0rea de vehicles del teu concessionari El nostre Departament de Tr\u00e0nsit compta amb una traject\u00f2ria consolidada de m\u00e9s de tres d\u00e8cades, i ens hem posicionat com a l\u00edders en la gesti\u00f3 \u00e0gil i precisa de tr\u00e0mits davant la Prefectura Provincial de Tr\u00e0nsit, sent un referent [&hellip;]\" \/>\n<meta property=\"og:url\" content=\"https:\/\/www.mirallesassessors.com\/gestoria-de-vehiculos-especializada-en-concesionarios\/\" \/>\n<meta property=\"og:site_name\" content=\"Miralles Assessors\" \/>\n<meta property=\"article:publisher\" content=\"https:\/\/www.facebook.com\/MirallesAssessors\" \/>\n<meta property=\"article:modified_time\" content=\"2026-04-09T08:40:31+00:00\" \/>\n<meta property=\"og:image\" content=\"https:\/\/www.mirallesassessors.com\/wp-content\/uploads\/2023\/07\/miralles-assessors-gestoria-vehiculos-02.jpg\" \/>\n\t<meta property=\"og:image:width\" content=\"1600\" \/>\n\t<meta property=\"og:image:height\" content=\"1004\" \/>\n\t<meta property=\"og:image:type\" content=\"image\/jpeg\" \/>\n<meta name=\"twitter:card\" content=\"summary_large_image\" \/>\n<meta name=\"twitter:label1\" content=\"Temps estimat de lectura\" \/>\n\t<meta name=\"twitter:data1\" content=\"1 minut\" \/>\n<script type=\"application\/ld+json\" class=\"yoast-schema-graph\">{\"@context\":\"https:\/\/schema.org\",\"@graph\":[{\"@type\":\"WebPage\",\"@id\":\"https:\/\/www.mirallesassessors.com\/gestoria-de-vehiculos-especializada-en-concesionarios\/\",\"url\":\"https:\/\/www.mirallesassessors.com\/gestoria-de-vehiculos-especializada-en-concesionarios\/\",\"name\":\"Gestoria de vehicles especialitzada en concessionaris - Miralles Assessors\",\"isPartOf\":{\"@id\":\"https:\/\/www.mirallesassessors.com\/#website\"},\"primaryImageOfPage\":{\"@id\":\"https:\/\/www.mirallesassessors.com\/gestoria-de-vehiculos-especializada-en-concesionarios\/#primaryimage\"},\"image\":{\"@id\":\"https:\/\/www.mirallesassessors.com\/gestoria-de-vehiculos-especializada-en-concesionarios\/#primaryimage\"},\"thumbnailUrl\":\"https:\/\/www.mirallesassessors.com\/wp-content\/uploads\/2023\/07\/miralles-assessors-gestoria-vehiculos-02.jpg\",\"datePublished\":\"2023-04-20T14:48:54+00:00\",\"dateModified\":\"2026-04-09T08:40:31+00:00\",\"breadcrumb\":{\"@id\":\"https:\/\/www.mirallesassessors.com\/gestoria-de-vehiculos-especializada-en-concesionarios\/#breadcrumb\"},\"inLanguage\":\"ca\",\"potentialAction\":[{\"@type\":\"ReadAction\",\"target\":[\"https:\/\/www.mirallesassessors.com\/gestoria-de-vehiculos-especializada-en-concesionarios\/\"]}]},{\"@type\":\"ImageObject\",\"inLanguage\":\"ca\",\"@id\":\"https:\/\/www.mirallesassessors.com\/gestoria-de-vehiculos-especializada-en-concesionarios\/#primaryimage\",\"url\":\"https:\/\/www.mirallesassessors.com\/wp-content\/uploads\/2023\/07\/miralles-assessors-gestoria-vehiculos-02.jpg\",\"contentUrl\":\"https:\/\/www.mirallesassessors.com\/wp-content\/uploads\/2023\/07\/miralles-assessors-gestoria-vehiculos-02.jpg\"},{\"@type\":\"BreadcrumbList\",\"@id\":\"https:\/\/www.mirallesassessors.com\/gestoria-de-vehiculos-especializada-en-concesionarios\/#breadcrumb\",\"itemListElement\":[{\"@type\":\"ListItem\",\"position\":1,\"name\":\"Portada\",\"item\":\"https:\/\/www.mirallesassessors.com\/\"},{\"@type\":\"ListItem\",\"position\":2,\"name\":\"Gestoria de vehicles especialitzada en concessionaris\"}]},{\"@type\":\"WebSite\",\"@id\":\"https:\/\/www.mirallesassessors.com\/#website\",\"url\":\"https:\/\/www.mirallesassessors.com\/\",\"name\":\"Miralles Assessors\",\"description\":\"Assessoria fiscal, comptable i laboral\",\"potentialAction\":[{\"@type\":\"SearchAction\",\"target\":{\"@type\":\"EntryPoint\",\"urlTemplate\":\"https:\/\/www.mirallesassessors.com\/?s={search_term_string}\"},\"query-input\":{\"@type\":\"PropertyValueSpecification\",\"valueRequired\":true,\"valueName\":\"search_term_string\"}}],\"inLanguage\":\"ca\"}]}<\/script>\n<!-- \/ Yoast SEO plugin. -->","yoast_head_json":{"title":"Gestoria de vehicles especialitzada en concessionaris - Miralles Assessors","robots":{"index":"index","follow":"follow","max-snippet":"max-snippet:-1","max-image-preview":"max-image-preview:large","max-video-preview":"max-video-preview:-1"},"canonical":"https:\/\/www.mirallesassessors.com\/gestoria-de-vehiculos-especializada-en-concesionarios\/","og_locale":"ca_ES","og_type":"article","og_title":"Gestoria de vehicles especialitzada en concessionaris - Miralles Assessors","og_description":"Tr\u00e0mits de tr\u00e0nsit per a concessionaris: gestoria a Sabadell Externalitzem l&#8217;\u00e0rea de vehicles del teu concessionari El nostre Departament de Tr\u00e0nsit compta amb una traject\u00f2ria consolidada de m\u00e9s de tres d\u00e8cades, i ens hem posicionat com a l\u00edders en la gesti\u00f3 \u00e0gil i precisa de tr\u00e0mits davant la Prefectura Provincial de Tr\u00e0nsit, sent un referent [&hellip;]","og_url":"https:\/\/www.mirallesassessors.com\/gestoria-de-vehiculos-especializada-en-concesionarios\/","og_site_name":"Miralles Assessors","article_publisher":"https:\/\/www.facebook.com\/MirallesAssessors","article_modified_time":"2026-04-09T08:40:31+00:00","og_image":[{"width":1600,"height":1004,"url":"https:\/\/www.mirallesassessors.com\/wp-content\/uploads\/2023\/07\/miralles-assessors-gestoria-vehiculos-02.jpg","type":"image\/jpeg"}],"twitter_card":"summary_large_image","twitter_misc":{"Temps estimat de lectura":"1 minut"},"schema":{"@context":"https:\/\/schema.org","@graph":[{"@type":"WebPage","@id":"https:\/\/www.mirallesassessors.com\/gestoria-de-vehiculos-especializada-en-concesionarios\/","url":"https:\/\/www.mirallesassessors.com\/gestoria-de-vehiculos-especializada-en-concesionarios\/","name":"Gestoria de vehicles especialitzada en concessionaris - Miralles Assessors","isPartOf":{"@id":"https:\/\/www.mirallesassessors.com\/#website"},"primaryImageOfPage":{"@id":"https:\/\/www.mirallesassessors.com\/gestoria-de-vehiculos-especializada-en-concesionarios\/#primaryimage"},"image":{"@id":"https:\/\/www.mirallesassessors.com\/gestoria-de-vehiculos-especializada-en-concesionarios\/#primaryimage"},"thumbnailUrl":"https:\/\/www.mirallesassessors.com\/wp-content\/uploads\/2023\/07\/miralles-assessors-gestoria-vehiculos-02.jpg","datePublished":"2023-04-20T14:48:54+00:00","dateModified":"2026-04-09T08:40:31+00:00","breadcrumb":{"@id":"https:\/\/www.mirallesassessors.com\/gestoria-de-vehiculos-especializada-en-concesionarios\/#breadcrumb"},"inLanguage":"ca","potentialAction":[{"@type":"ReadAction","target":["https:\/\/www.mirallesassessors.com\/gestoria-de-vehiculos-especializada-en-concesionarios\/"]}]},{"@type":"ImageObject","inLanguage":"ca","@id":"https:\/\/www.mirallesassessors.com\/gestoria-de-vehiculos-especializada-en-concesionarios\/#primaryimage","url":"https:\/\/www.mirallesassessors.com\/wp-content\/uploads\/2023\/07\/miralles-assessors-gestoria-vehiculos-02.jpg","contentUrl":"https:\/\/www.mirallesassessors.com\/wp-content\/uploads\/2023\/07\/miralles-assessors-gestoria-vehiculos-02.jpg"},{"@type":"BreadcrumbList","@id":"https:\/\/www.mirallesassessors.com\/gestoria-de-vehiculos-especializada-en-concesionarios\/#breadcrumb","itemListElement":[{"@type":"ListItem","position":1,"name":"Portada","item":"https:\/\/www.mirallesassessors.com\/"},{"@type":"ListItem","position":2,"name":"Gestoria de vehicles especialitzada en concessionaris"}]},{"@type":"WebSite","@id":"https:\/\/www.mirallesassessors.com\/#website","url":"https:\/\/www.mirallesassessors.com\/","name":"Miralles Assessors","description":"Assessoria fiscal, comptable i laboral","potentialAction":[{"@type":"SearchAction","target":{"@type":"EntryPoint","urlTemplate":"https:\/\/www.mirallesassessors.com\/?s={search_term_string}"},"query-input":{"@type":"PropertyValueSpecification","valueRequired":true,"valueName":"search_term_string"}}],"inLanguage":"ca"}]}},"_links":{"self":[{"href":"https:\/\/www.mirallesassessors.com\/ca\/wp-json\/wp\/v2\/pages\/1854","targetHints":{"allow":["GET"]}}],"collection":[{"href":"https:\/\/www.mirallesassessors.com\/ca\/wp-json\/wp\/v2\/pages"}],"about":[{"href":"https:\/\/www.mirallesassessors.com\/ca\/wp-json\/wp\/v2\/types\/page"}],"author":[{"embeddable":true,"href":"https:\/\/www.mirallesassessors.com\/ca\/wp-json\/wp\/v2\/users\/2"}],"replies":[{"embeddable":true,"href":"https:\/\/www.mirallesassessors.com\/ca\/wp-json\/wp\/v2\/comments?post=1854"}],"version-history":[{"count":16,"href":"https:\/\/www.mirallesassessors.com\/ca\/wp-json\/wp\/v2\/pages\/1854\/revisions"}],"predecessor-version":[{"id":2449,"href":"https:\/\/www.mirallesassessors.com\/ca\/wp-json\/wp\/v2\/pages\/1854\/revisions\/2449"}],"wp:attachment":[{"href":"https:\/\/www.mirallesassessors.com\/ca\/wp-json\/wp\/v2\/media?parent=1854"}],"curies":[{"name":"wp","href":"https:\/\/api.w.org\/{rel}","templated":true}]}}