{"id":1847,"date":"2023-04-20T16:49:57","date_gmt":"2023-04-20T14:49:57","guid":{"rendered":"https:\/\/www.mirallesassessors.com\/juridic\/"},"modified":"2025-09-26T09:12:48","modified_gmt":"2025-09-26T07:12:48","slug":"juridic","status":"publish","type":"page","link":"https:\/\/www.mirallesassessors.com\/ca\/juridic\/","title":{"rendered":"Jur\u00eddic"},"content":{"rendered":"\t\t<div data-elementor-type=\"wp-page\" data-elementor-id=\"1847\" class=\"elementor elementor-1847 elementor-407\" data-elementor-post-type=\"page\">\n\t\t\t\t\t\t<section class=\"elementor-section elementor-top-section elementor-element elementor-element-8a63d2e elementor-reverse-tablet elementor-reverse-mobile elementor-section-boxed elementor-section-height-default elementor-section-height-default\" data-id=\"8a63d2e\" data-element_type=\"section\">\n\t\t\t\t\t\t<div class=\"elementor-container elementor-column-gap-no\">\n\t\t\t\t\t<div class=\"elementor-column elementor-col-50 elementor-top-column elementor-element elementor-element-a2f58a9\" data-id=\"a2f58a9\" data-element_type=\"column\">\n\t\t\t<div class=\"elementor-widget-wrap elementor-element-populated\">\n\t\t\t\t\t\t<div class=\"elementor-element elementor-element-11dfa71 elementor-widget elementor-widget-image\" data-id=\"11dfa71\" data-element_type=\"widget\" data-widget_type=\"image.default\">\n\t\t\t\t<div class=\"elementor-widget-container\">\n\t\t\t\t\t\t\t\t\t\t\t\t\t\t\t<img fetchpriority=\"high\" decoding=\"async\" width=\"1600\" height=\"1067\" src=\"https:\/\/www.mirallesassessors.com\/wp-content\/uploads\/2023\/06\/miralles-assessors-servicios-juridico-01.jpg\" class=\"attachment-full size-full wp-image-1250\" alt=\"Fotograf\u00c3\u00ada de un libro jur\u00c3\u00addico abierto\" srcset=\"https:\/\/www.mirallesassessors.com\/wp-content\/uploads\/2023\/06\/miralles-assessors-servicios-juridico-01.jpg 1600w, https:\/\/www.mirallesassessors.com\/wp-content\/uploads\/2023\/06\/miralles-assessors-servicios-juridico-01-300x200.jpg 300w, https:\/\/www.mirallesassessors.com\/wp-content\/uploads\/2023\/06\/miralles-assessors-servicios-juridico-01-1024x683.jpg 1024w, https:\/\/www.mirallesassessors.com\/wp-content\/uploads\/2023\/06\/miralles-assessors-servicios-juridico-01-768x512.jpg 768w, https:\/\/www.mirallesassessors.com\/wp-content\/uploads\/2023\/06\/miralles-assessors-servicios-juridico-01-1536x1024.jpg 1536w\" sizes=\"(max-width: 1600px) 100vw, 1600px\" \/>\t\t\t\t\t\t\t\t\t\t\t\t\t\t\t<\/div>\n\t\t\t\t<\/div>\n\t\t\t\t\t<\/div>\n\t\t<\/div>\n\t\t\t\t<div class=\"elementor-column elementor-col-50 elementor-top-column elementor-element elementor-element-57d186a\" data-id=\"57d186a\" data-element_type=\"column\">\n\t\t\t<div class=\"elementor-widget-wrap elementor-element-populated\">\n\t\t\t\t\t\t<div class=\"elementor-element elementor-element-ad241e8 elementor-widget elementor-widget-heading\" data-id=\"ad241e8\" data-element_type=\"widget\" data-widget_type=\"heading.default\">\n\t\t\t\t<div class=\"elementor-widget-container\">\n\t\t\t\t\t<h2 class=\"elementor-heading-title elementor-size-default\">Assessorament legal integral per a particulars i empreses. La teva assessoria legal de confian\u00e7a.<\/h2>\t\t\t\t<\/div>\n\t\t\t\t<\/div>\n\t\t\t\t<div class=\"elementor-element elementor-element-cf5a83c elementor-widget elementor-widget-text-editor\" data-id=\"cf5a83c\" data-element_type=\"widget\" data-widget_type=\"text-editor.default\">\n\t\t\t\t<div class=\"elementor-widget-container\">\n\t\t\t\t\t\t\t\t\t<p>Oferim als nostres clients un servei d&#8217;assessorament jur\u00eddic global gr\u00e0cies a la seva col\u00b7laboraci\u00f3 amb un despatx d&#8217;advocats d&#8217;\u00e0mplia traject\u00f2ria i de reconegut prestigi a nivell local i auton\u00f2mic, que facilita que el client pugui gestionar tots els seus assumptes des d&#8217;un \u00fanic referent i amb m\u00e9s de vint professionals de tots els sectors al vostre servei.<\/p>\n\t\t\t\t\t\t\t\t<\/div>\n\t\t\t\t<\/div>\n\t\t\t\t<div class=\"elementor-element elementor-element-f256bf9 elementor-widget elementor-widget-text-editor\" data-id=\"f256bf9\" data-element_type=\"widget\" data-widget_type=\"text-editor.default\">\n\t\t\t\t<div class=\"elementor-widget-container\">\n\t\t\t\t\t\t\t\t\t<h3>Els nostres valors<\/h3>\n<p><\/p>\n<ul>\n<li>Gesti\u00f3 personal<\/li>\n<li>Som multidisciplinaris: Posem el nostre equip jur\u00eddic al complet a la teva disposici\u00f3 per resoldre qualsevol dubte<\/li>\n<li>T&#8217;informem de qualsevol canvi que afecti el teu negoci<\/li>\n<li>Organitzem jornades informatives adre\u00e7ades a diferents gremis i sectors<\/li>\n<\/ul>\n\t\t\t\t\t\t\t\t<\/div>\n\t\t\t\t<\/div>\n\t\t\t\t\t<\/div>\n\t\t<\/div>\n\t\t\t\t\t<\/div>\n\t\t<\/section>\n\t\t\t\t<section class=\"elementor-section elementor-top-section elementor-element elementor-element-5e58159 elementor-section-boxed elementor-section-height-default elementor-section-height-default\" data-id=\"5e58159\" data-element_type=\"section\">\n\t\t\t\t\t\t<div class=\"elementor-container elementor-column-gap-default\">\n\t\t\t\t\t<div class=\"elementor-column elementor-col-50 elementor-top-column elementor-element elementor-element-3799ad8\" data-id=\"3799ad8\" data-element_type=\"column\" data-settings=\"{&quot;background_background&quot;:&quot;classic&quot;}\">\n\t\t\t<div class=\"elementor-widget-wrap elementor-element-populated\">\n\t\t\t\t\t\t<div class=\"elementor-element elementor-element-688efa8 elementor-widget elementor-widget-heading\" data-id=\"688efa8\" data-element_type=\"widget\" data-widget_type=\"heading.default\">\n\t\t\t\t<div class=\"elementor-widget-container\">\n\t\t\t\t\t<h3 class=\"elementor-heading-title elementor-size-default\">Dret laboral<\/h3>\t\t\t\t<\/div>\n\t\t\t\t<\/div>\n\t\t\t\t<section class=\"elementor-section elementor-inner-section elementor-element elementor-element-25f8934 elementor-section-boxed elementor-section-height-default elementor-section-height-default\" data-id=\"25f8934\" data-element_type=\"section\">\n\t\t\t\t\t\t<div class=\"elementor-container elementor-column-gap-no\">\n\t\t\t\t\t<div class=\"elementor-column elementor-col-50 elementor-inner-column elementor-element elementor-element-0c92988\" data-id=\"0c92988\" data-element_type=\"column\">\n\t\t\t<div class=\"elementor-widget-wrap elementor-element-populated\">\n\t\t\t\t\t\t<div class=\"elementor-element elementor-element-a7fe611 elementor-widget elementor-widget-text-editor\" data-id=\"a7fe611\" data-element_type=\"widget\" data-widget_type=\"text-editor.default\">\n\t\t\t\t<div class=\"elementor-widget-container\">\n\t\t\t\t\t\t\t\t\t<b>Empreses<\/b><br><ul>\r\n \t<li>Assessorament integral en mat\u00e8ria juridicolaboral<\/li>\r\n \t<li>Defensa jur\u00eddica en plets i arbitratges \u00e0mbit laboral<\/li>\r\n \t<li>Convenis col\u00b7lectius<\/li>\r\n \t<li>Contractaci\u00f3 laboral. Contractes Alta Adre\u00e7a. Pactes de no compet\u00e8ncia i exclusivitat<\/li>\r\n \t<li>Modificaci\u00f3 condicions de treballadors. Mobilitat geogr\u00e0fica<\/li>\r\n \t<li>Assessorament i tramitaci\u00f3 expedient de regulaci\u00f3 docupaci\u00f3<\/li>\r\n \t<li>Conciliacions<\/li>\r\n \t<li>Acomiadaments<\/li>\r\n \t<li>Fusions, transmissions i successions d&#8217;empreses<\/li>\r\n \t<li>Mobbing\/Assetjament laboral<\/li>\r\n \t<li>Inspeccions de Treball<\/li>\r\n \t<li>Plans d&#8217;Igualtat<\/li>\r\n<\/ul>\t\t\t\t\t\t\t\t<\/div>\n\t\t\t\t<\/div>\n\t\t\t\t\t<\/div>\n\t\t<\/div>\n\t\t\t\t<div class=\"elementor-column elementor-col-50 elementor-inner-column elementor-element elementor-element-5b0549e\" data-id=\"5b0549e\" data-element_type=\"column\">\n\t\t\t<div class=\"elementor-widget-wrap elementor-element-populated\">\n\t\t\t\t\t\t<div class=\"elementor-element elementor-element-3e00418 elementor-widget elementor-widget-text-editor\" data-id=\"3e00418\" data-element_type=\"widget\" data-widget_type=\"text-editor.default\">\n\t\t\t\t<div class=\"elementor-widget-container\">\n\t\t\t\t\t\t\t\t\t<p><b>Particulars<\/b><\/p>\n<ul>\n<li>Assessorament jur\u00eddic global<\/li>\n<li>Relacions amb l&#8217;empresa<\/li>\n<li>Prestacions de la Seguretat Social. Incapacitats, Jubilacions, etc<\/li>\n<li>Contractaci\u00f3 laboral<\/li>\n<li>Modificaci\u00f3 de les condicions laborals. Mobilitat geogr\u00e0fica<\/li>\n<li>Conciliacions<\/li>\n<li>Acomiadaments<\/li>\n<li>Defensa jur\u00eddica en plets i arbitratges<\/li>\n<li>Mobbing\/Assetjament laboral<\/li>\n<\/ul>\n\t\t\t\t\t\t\t\t<\/div>\n\t\t\t\t<\/div>\n\t\t\t\t\t<\/div>\n\t\t<\/div>\n\t\t\t\t\t<\/div>\n\t\t<\/section>\n\t\t\t\t\t<\/div>\n\t\t<\/div>\n\t\t\t\t<div class=\"elementor-column elementor-col-50 elementor-top-column elementor-element elementor-element-77283a2\" data-id=\"77283a2\" data-element_type=\"column\" data-settings=\"{&quot;background_background&quot;:&quot;classic&quot;}\">\n\t\t\t<div class=\"elementor-widget-wrap elementor-element-populated\">\n\t\t\t\t\t\t<div class=\"elementor-element elementor-element-d3ea887 elementor-widget elementor-widget-heading\" data-id=\"d3ea887\" data-element_type=\"widget\" data-widget_type=\"heading.default\">\n\t\t\t\t<div class=\"elementor-widget-container\">\n\t\t\t\t\t<h3 class=\"elementor-heading-title elementor-size-default\">Dret Mercantil i Civil<\/h3>\t\t\t\t<\/div>\n\t\t\t\t<\/div>\n\t\t\t\t<section class=\"elementor-section elementor-inner-section elementor-element elementor-element-39ea9ae elementor-section-boxed elementor-section-height-default elementor-section-height-default\" data-id=\"39ea9ae\" data-element_type=\"section\">\n\t\t\t\t\t\t<div class=\"elementor-container elementor-column-gap-no\">\n\t\t\t\t\t<div class=\"elementor-column elementor-col-50 elementor-inner-column elementor-element elementor-element-ac22628\" data-id=\"ac22628\" data-element_type=\"column\">\n\t\t\t<div class=\"elementor-widget-wrap elementor-element-populated\">\n\t\t\t\t\t\t<div class=\"elementor-element elementor-element-fccb20d elementor-widget elementor-widget-text-editor\" data-id=\"fccb20d\" data-element_type=\"widget\" data-widget_type=\"text-editor.default\">\n\t\t\t\t<div class=\"elementor-widget-container\">\n\t\t\t\t\t\t\t\t\t<p><b>Mercantil<\/b><\/p>\n<ul>\n<li>Assessorament a l&#8217;elecci\u00f3 de la forma jur\u00eddica de l&#8217;empresa<\/li>\n<li>Empresa familiar. Pactes familiars i de socis. Successi\u00f3 patrimonial<\/li>\n<li>Constituci\u00f3 de Societats<\/li>\n<li>Convocat\u00f2ria Juntes. Acords Socials<\/li>\n<li>\u00d2rgans dAdministraci\u00f3. Canvis d&#8217;administrador<\/li>\n<li>Dissoluci\u00f3 de Sociedaes<\/li>\n<li>Compravenda d&#8217;empreses<\/li>\n<li>Reestructuracions Societ\u00e0ries. Transformacions, fusions, escissions,etc.<\/li>\n<li>Concurs de creditors<\/li>\n<li>Agrupacions d&#8217;inter\u00e8s econ\u00f2mic (U.T.E)<\/li>\n<li>Compliance<\/li>\n<li>Marques i Patents<\/li>\n<\/ul>\n\t\t\t\t\t\t\t\t<\/div>\n\t\t\t\t<\/div>\n\t\t\t\t\t<\/div>\n\t\t<\/div>\n\t\t\t\t<div class=\"elementor-column elementor-col-50 elementor-inner-column elementor-element elementor-element-5b069c1\" data-id=\"5b069c1\" data-element_type=\"column\">\n\t\t\t<div class=\"elementor-widget-wrap elementor-element-populated\">\n\t\t\t\t\t\t<div class=\"elementor-element elementor-element-7be055b elementor-widget elementor-widget-text-editor\" data-id=\"7be055b\" data-element_type=\"widget\" data-widget_type=\"text-editor.default\">\n\t\t\t\t<div class=\"elementor-widget-container\">\n\t\t\t\t\t\t\t\t\t<b>Civil<\/b><br><ul>\r\n \t<li>Her\u00e8ncies i Successions. Assessorament en la successi\u00f3 de la vostra empresa o negoci. Estudi fiscal vinculat a l&#8217;her\u00e8ncia. Deutes a l&#8217;her\u00e8ncia.<\/li>\r\n \t<li>Gesti\u00f3 d&#8217;impagats<\/li>\r\n \t<li>Obligacions i Contractes<\/li>\r\n \t<li>Dret Immobiliari Patrimonial<\/li>\r\n<\/ul>\t\t\t\t\t\t\t\t<\/div>\n\t\t\t\t<\/div>\n\t\t\t\t\t<\/div>\n\t\t<\/div>\n\t\t\t\t\t<\/div>\n\t\t<\/section>\n\t\t\t\t\t<\/div>\n\t\t<\/div>\n\t\t\t\t\t<\/div>\n\t\t<\/section>\n\t\t\t\t<\/div>\n\t\t","protected":false},"excerpt":{"rendered":"<p>Assessorament legal integral per a particulars i empreses. La teva assessoria legal de confian\u00e7a. Oferim als nostres clients un servei d&#8217;assessorament jur\u00eddic global gr\u00e0cies a la seva col\u00b7laboraci\u00f3 amb un despatx d&#8217;advocats d&#8217;\u00e0mplia traject\u00f2ria i de reconegut prestigi a nivell local i auton\u00f2mic, que facilita que el client pugui gestionar tots els seus assumptes des [&hellip;]<\/p>\n","protected":false},"author":2,"featured_media":0,"parent":0,"menu_order":0,"comment_status":"closed","ping_status":"closed","template":"","meta":{"_acf_changed":false,"footnotes":""},"class_list":["post-1847","page","type-page","status-publish","hentry"],"acf":[],"yoast_head":"<!-- This site is optimized with the Yoast SEO plugin v26.0 - https:\/\/yoast.com\/wordpress\/plugins\/seo\/ -->\n<title>Jur\u00eddic - Miralles Assessors<\/title>\n<meta name=\"robots\" content=\"index, follow, max-snippet:-1, max-image-preview:large, max-video-preview:-1\" \/>\n<link rel=\"canonical\" href=\"https:\/\/www.mirallesassessors.com\/juridico\/\" \/>\n<meta property=\"og:locale\" content=\"ca_ES\" \/>\n<meta property=\"og:type\" content=\"article\" \/>\n<meta property=\"og:title\" content=\"Jur\u00eddic - Miralles Assessors\" \/>\n<meta property=\"og:description\" content=\"Assessorament legal integral per a particulars i empreses. La teva assessoria legal de confian\u00e7a. Oferim als nostres clients un servei d&#8217;assessorament jur\u00eddic global gr\u00e0cies a la seva col\u00b7laboraci\u00f3 amb un despatx d&#8217;advocats d&#8217;\u00e0mplia traject\u00f2ria i de reconegut prestigi a nivell local i auton\u00f2mic, que facilita que el client pugui gestionar tots els seus assumptes des [&hellip;]\" \/>\n<meta property=\"og:url\" content=\"https:\/\/www.mirallesassessors.com\/juridico\/\" \/>\n<meta property=\"og:site_name\" content=\"Miralles Assessors\" \/>\n<meta property=\"article:publisher\" content=\"https:\/\/www.facebook.com\/MirallesAssessors\" \/>\n<meta property=\"article:modified_time\" content=\"2025-09-26T07:12:48+00:00\" \/>\n<meta property=\"og:image\" content=\"https:\/\/www.mirallesassessors.com\/wp-content\/uploads\/2023\/06\/miralles-assessors-servicios-juridico-01.jpg\" \/>\n\t<meta property=\"og:image:width\" content=\"1600\" \/>\n\t<meta property=\"og:image:height\" content=\"1067\" \/>\n\t<meta property=\"og:image:type\" content=\"image\/jpeg\" \/>\n<meta name=\"twitter:card\" content=\"summary_large_image\" \/>\n<meta name=\"twitter:label1\" content=\"Temps estimat de lectura\" \/>\n\t<meta name=\"twitter:data1\" content=\"2 minuts\" \/>\n<script type=\"application\/ld+json\" class=\"yoast-schema-graph\">{\"@context\":\"https:\/\/schema.org\",\"@graph\":[{\"@type\":\"WebPage\",\"@id\":\"https:\/\/www.mirallesassessors.com\/juridico\/\",\"url\":\"https:\/\/www.mirallesassessors.com\/juridico\/\",\"name\":\"Jur\u00eddic - Miralles Assessors\",\"isPartOf\":{\"@id\":\"https:\/\/www.mirallesassessors.com\/#website\"},\"primaryImageOfPage\":{\"@id\":\"https:\/\/www.mirallesassessors.com\/juridico\/#primaryimage\"},\"image\":{\"@id\":\"https:\/\/www.mirallesassessors.com\/juridico\/#primaryimage\"},\"thumbnailUrl\":\"https:\/\/www.mirallesassessors.com\/wp-content\/uploads\/2023\/06\/miralles-assessors-servicios-juridico-01.jpg\",\"datePublished\":\"2023-04-20T14:49:57+00:00\",\"dateModified\":\"2025-09-26T07:12:48+00:00\",\"breadcrumb\":{\"@id\":\"https:\/\/www.mirallesassessors.com\/juridico\/#breadcrumb\"},\"inLanguage\":\"ca\",\"potentialAction\":[{\"@type\":\"ReadAction\",\"target\":[\"https:\/\/www.mirallesassessors.com\/juridico\/\"]}]},{\"@type\":\"ImageObject\",\"inLanguage\":\"ca\",\"@id\":\"https:\/\/www.mirallesassessors.com\/juridico\/#primaryimage\",\"url\":\"https:\/\/www.mirallesassessors.com\/wp-content\/uploads\/2023\/06\/miralles-assessors-servicios-juridico-01.jpg\",\"contentUrl\":\"https:\/\/www.mirallesassessors.com\/wp-content\/uploads\/2023\/06\/miralles-assessors-servicios-juridico-01.jpg\"},{\"@type\":\"BreadcrumbList\",\"@id\":\"https:\/\/www.mirallesassessors.com\/juridico\/#breadcrumb\",\"itemListElement\":[{\"@type\":\"ListItem\",\"position\":1,\"name\":\"Portada\",\"item\":\"https:\/\/www.mirallesassessors.com\/\"},{\"@type\":\"ListItem\",\"position\":2,\"name\":\"Jur\u00eddic\"}]},{\"@type\":\"WebSite\",\"@id\":\"https:\/\/www.mirallesassessors.com\/#website\",\"url\":\"https:\/\/www.mirallesassessors.com\/\",\"name\":\"Miralles Assessors\",\"description\":\"Assessoria fiscal, comptable i laboral\",\"potentialAction\":[{\"@type\":\"SearchAction\",\"target\":{\"@type\":\"EntryPoint\",\"urlTemplate\":\"https:\/\/www.mirallesassessors.com\/?s={search_term_string}\"},\"query-input\":{\"@type\":\"PropertyValueSpecification\",\"valueRequired\":true,\"valueName\":\"search_term_string\"}}],\"inLanguage\":\"ca\"}]}<\/script>\n<!-- \/ Yoast SEO plugin. -->","yoast_head_json":{"title":"Jur\u00eddic - Miralles Assessors","robots":{"index":"index","follow":"follow","max-snippet":"max-snippet:-1","max-image-preview":"max-image-preview:large","max-video-preview":"max-video-preview:-1"},"canonical":"https:\/\/www.mirallesassessors.com\/juridico\/","og_locale":"ca_ES","og_type":"article","og_title":"Jur\u00eddic - Miralles Assessors","og_description":"Assessorament legal integral per a particulars i empreses. La teva assessoria legal de confian\u00e7a. Oferim als nostres clients un servei d&#8217;assessorament jur\u00eddic global gr\u00e0cies a la seva col\u00b7laboraci\u00f3 amb un despatx d&#8217;advocats d&#8217;\u00e0mplia traject\u00f2ria i de reconegut prestigi a nivell local i auton\u00f2mic, que facilita que el client pugui gestionar tots els seus assumptes des [&hellip;]","og_url":"https:\/\/www.mirallesassessors.com\/juridico\/","og_site_name":"Miralles Assessors","article_publisher":"https:\/\/www.facebook.com\/MirallesAssessors","article_modified_time":"2025-09-26T07:12:48+00:00","og_image":[{"width":1600,"height":1067,"url":"https:\/\/www.mirallesassessors.com\/wp-content\/uploads\/2023\/06\/miralles-assessors-servicios-juridico-01.jpg","type":"image\/jpeg"}],"twitter_card":"summary_large_image","twitter_misc":{"Temps estimat de lectura":"2 minuts"},"schema":{"@context":"https:\/\/schema.org","@graph":[{"@type":"WebPage","@id":"https:\/\/www.mirallesassessors.com\/juridico\/","url":"https:\/\/www.mirallesassessors.com\/juridico\/","name":"Jur\u00eddic - Miralles Assessors","isPartOf":{"@id":"https:\/\/www.mirallesassessors.com\/#website"},"primaryImageOfPage":{"@id":"https:\/\/www.mirallesassessors.com\/juridico\/#primaryimage"},"image":{"@id":"https:\/\/www.mirallesassessors.com\/juridico\/#primaryimage"},"thumbnailUrl":"https:\/\/www.mirallesassessors.com\/wp-content\/uploads\/2023\/06\/miralles-assessors-servicios-juridico-01.jpg","datePublished":"2023-04-20T14:49:57+00:00","dateModified":"2025-09-26T07:12:48+00:00","breadcrumb":{"@id":"https:\/\/www.mirallesassessors.com\/juridico\/#breadcrumb"},"inLanguage":"ca","potentialAction":[{"@type":"ReadAction","target":["https:\/\/www.mirallesassessors.com\/juridico\/"]}]},{"@type":"ImageObject","inLanguage":"ca","@id":"https:\/\/www.mirallesassessors.com\/juridico\/#primaryimage","url":"https:\/\/www.mirallesassessors.com\/wp-content\/uploads\/2023\/06\/miralles-assessors-servicios-juridico-01.jpg","contentUrl":"https:\/\/www.mirallesassessors.com\/wp-content\/uploads\/2023\/06\/miralles-assessors-servicios-juridico-01.jpg"},{"@type":"BreadcrumbList","@id":"https:\/\/www.mirallesassessors.com\/juridico\/#breadcrumb","itemListElement":[{"@type":"ListItem","position":1,"name":"Portada","item":"https:\/\/www.mirallesassessors.com\/"},{"@type":"ListItem","position":2,"name":"Jur\u00eddic"}]},{"@type":"WebSite","@id":"https:\/\/www.mirallesassessors.com\/#website","url":"https:\/\/www.mirallesassessors.com\/","name":"Miralles Assessors","description":"Assessoria fiscal, comptable i laboral","potentialAction":[{"@type":"SearchAction","target":{"@type":"EntryPoint","urlTemplate":"https:\/\/www.mirallesassessors.com\/?s={search_term_string}"},"query-input":{"@type":"PropertyValueSpecification","valueRequired":true,"valueName":"search_term_string"}}],"inLanguage":"ca"}]}},"_links":{"self":[{"href":"https:\/\/www.mirallesassessors.com\/ca\/wp-json\/wp\/v2\/pages\/1847","targetHints":{"allow":["GET"]}}],"collection":[{"href":"https:\/\/www.mirallesassessors.com\/ca\/wp-json\/wp\/v2\/pages"}],"about":[{"href":"https:\/\/www.mirallesassessors.com\/ca\/wp-json\/wp\/v2\/types\/page"}],"author":[{"embeddable":true,"href":"https:\/\/www.mirallesassessors.com\/ca\/wp-json\/wp\/v2\/users\/2"}],"replies":[{"embeddable":true,"href":"https:\/\/www.mirallesassessors.com\/ca\/wp-json\/wp\/v2\/comments?post=1847"}],"version-history":[{"count":6,"href":"https:\/\/www.mirallesassessors.com\/ca\/wp-json\/wp\/v2\/pages\/1847\/revisions"}],"predecessor-version":[{"id":2038,"href":"https:\/\/www.mirallesassessors.com\/ca\/wp-json\/wp\/v2\/pages\/1847\/revisions\/2038"}],"wp:attachment":[{"href":"https:\/\/www.mirallesassessors.com\/ca\/wp-json\/wp\/v2\/media?parent=1847"}],"curies":[{"name":"wp","href":"https:\/\/api.w.org\/{rel}","templated":true}]}}